{"id":438,"date":"2024-04-09T19:06:48","date_gmt":"2024-04-09T17:06:48","guid":{"rendered":"https:\/\/economiafamiliar.net\/?page_id=438"},"modified":"2024-06-12T12:43:19","modified_gmt":"2024-06-12T10:43:19","slug":"politica-de-privacidad","status":"publish","type":"page","link":"https:\/\/economiafamiliar.net\/ca\/politica-de-privacidad\/","title":{"rendered":"Pol\u00edtica de privacitat"},"content":{"rendered":"<div data-elementor-type=\"wp-page\" data-elementor-id=\"438\" class=\"elementor elementor-438\" data-elementor-post-type=\"page\">\n\t\t\t\t<div data-particle_enable=\"false\" data-particle-mobile-disabled=\"false\" class=\"elementor-element elementor-element-4416a05 e-flex e-con-boxed e-con e-parent\" data-id=\"4416a05\" data-element_type=\"container\" data-settings=\"{&quot;background_background&quot;:&quot;classic&quot;}\">\n\t\t\t\t\t<div class=\"e-con-inner\">\n\t\t\t\t<div class=\"elementor-element elementor-element-f6c398c elementor-widget elementor-widget-heading\" data-id=\"f6c398c\" data-element_type=\"widget\" data-widget_type=\"heading.default\">\n\t\t\t\t<div class=\"elementor-widget-container\">\n\t\t\t<style>\/*! elementor - v3.22.0 - 24-06-2024 *\/\n.elementor-heading-title{padding:0;margin:0;line-height:1}.elementor-widget-heading .elementor-heading-title[class*=elementor-size-]>a{color:inherit;font-size:inherit;line-height:inherit}.elementor-widget-heading .elementor-heading-title.elementor-size-small{font-size:15px}.elementor-widget-heading .elementor-heading-title.elementor-size-medium{font-size:19px}.elementor-widget-heading .elementor-heading-title.elementor-size-large{font-size:29px}.elementor-widget-heading .elementor-heading-title.elementor-size-xl{font-size:39px}.elementor-widget-heading .elementor-heading-title.elementor-size-xxl{font-size:59px}<\/style><h2 class=\"elementor-heading-title elementor-size-default\">Pol\u00edtica de privacitat<\/h2>\t\t<\/div>\n\t\t\t\t<\/div>\n\t\t\t\t\t<\/div>\n\t\t\t\t<\/div>\n\t\t<div data-particle_enable=\"false\" data-particle-mobile-disabled=\"false\" class=\"elementor-element elementor-element-b7de80b e-flex e-con-boxed e-con e-parent\" data-id=\"b7de80b\" data-element_type=\"container\">\n\t\t\t\t\t<div class=\"e-con-inner\">\n\t\t\t\t<div class=\"elementor-element elementor-element-0789f37 elementor-widget elementor-widget-text-editor\" data-id=\"0789f37\" data-element_type=\"widget\" data-widget_type=\"text-editor.default\">\n\t\t\t\t<div class=\"elementor-widget-container\">\n\t\t\t<style>\/*! elementor - v3.22.0 - 24-06-2024 *\/\n.elementor-widget-text-editor.elementor-drop-cap-view-stacked .elementor-drop-cap{background-color:#69727d;color:#fff}.elementor-widget-text-editor.elementor-drop-cap-view-framed .elementor-drop-cap{color:#69727d;border:3px solid;background-color:transparent}.elementor-widget-text-editor:not(.elementor-drop-cap-view-default) .elementor-drop-cap{margin-top:8px}.elementor-widget-text-editor:not(.elementor-drop-cap-view-default) .elementor-drop-cap-letter{width:1em;height:1em}.elementor-widget-text-editor .elementor-drop-cap{float:left;text-align:center;line-height:1;font-size:50px}.elementor-widget-text-editor .elementor-drop-cap-letter{display:inline-block}<\/style>\t\t\t\t<p>Albert Puigdell\u00edvol Clar\u00e0, en adelante, Albert Puigdell\u00edvol, te informo dec\u00f3mo voy a tratar los datos personales que facilites a trav\u00e9s de mip\u00e1gina web.<\/p><p>Al proporcionar tus datos de car\u00e1cter personal a trav\u00e9s de mi p\u00e1gina web consientes expresamente que pueda tratar esos datos en los t\u00e9rminos de esta cl\u00e1usula de Pol\u00edtica de Privacidad y Protecci\u00f3n de Datos y para los fines expresados que son publicitar mis servicios, solicitar una primera consulta gratuita o ponerse en contacto conmigo.<\/p><p>El Usuario garantiza que la informaci\u00f3n que facilita que meproporciona es verdadera, exacta, completa y est\u00e1 actualizada.Cuando el Usuario me facilite datos de car\u00e1cter personal relativos a terceros, garantiza que ha informado a \u00e9stos y que ha obtenido su previo consentimiento para facilitar sus datos de personales, con el fin de que los mismos sean tratados con las finalidades que en cada caso proceda.<\/p><p>Manifiesto mi firme compromiso de cumplir con la legislaci\u00f3n vigente en cada momento en materia de protecci\u00f3n de datos.<\/p><p><span style=\"color: #2ea1b7;\">\u00bfQui\u00e9n es el Responsable del Tratamiento de sus datos?<\/span><\/p><p>El responsable del tratamiento de los datos personales es:<\/p><p>\u25cf Albert Puigdell\u00edvol Clar\u00e0, en adelante, Albert Puigdell\u00edvol<\/p><p>\u25cf NIF:44996802Q<\/p><p>\u25cf Direcci\u00f3n: Calle Pi i Margall 58, 17200, Palafrugell<\/p><p>\u25cf Email: entrenador@economiafamiliar.net<\/p><p><span style=\"color: #2ea1b7;\">\u00bfQu\u00e9 datos de car\u00e1cter personal recabo a trav\u00e9s de miweb?<\/span><\/p><p>Datos recabados de manera directa: por la cumplimentaci\u00f3n voluntaria del apartado de \u201cconsulta gratuita\u201d recoger\u00e9 su nombre y apellidos, tel\u00e9fono, correo electr\u00f3nico, con el fin deponerme en contacto contigo y gestionar nuestra cita.<\/p><p>Tambi\u00e9n podr\u00e9 tratar los datos que me facilites en el apartado de \u201cContacto\u201d con tu consulta.<\/p><p>Datos recabados de manera indirecta mediante el uso de cookies:a trav\u00e9s de las cookies se pueden recoger direcci\u00f3n IP, ladirecci\u00f3n que se est\u00e1 visitando, el sistema operativo, el idiomade navegaci\u00f3n, el tiempo de permanencia en una p\u00e1gina o enuna subp\u00e1gina, etc. para analizar el uso que se realiza denuestra P\u00e1gina y marketing.<\/p><p><span style=\"color: #2ea1b7;\">\u00bfCon qu\u00e9 finalidad trato tus datos personales y por qu\u00e9?<\/span><\/p><p>Tus datos personales son tratados para:<\/p><p>\u25cf Petici\u00f3n de \u201cconsulta gratuita\u201d. La base para el tratamiento delos datos es el consentimiento al marcar la\/s casilla\/s de aceptaci\u00f3n.<\/p><p>\u25cf Gesti\u00f3n y env\u00edo de informaci\u00f3n sobre mis nuevos servicios y novedades a trav\u00e9s de correo electr\u00f3nico, SMS, correo postal o cualquier otro canal de comunicaci\u00f3n facilitado. La base para el tratamiento de los datos es el consentimiento prestado al marcar la\/s casilla\/s de aceptaci\u00f3n y el inter\u00e9s leg\u00edtimo del responsable para enviar informaci\u00f3n de comercial.<\/p><p>\u25cf Respuesta al ejercicio de sus derechos de privacidad, as\u00ed como atender consultas, solicitudes y posibles reclamaciones que efect\u00faes a trav\u00e9s del apartado de \u201cContacta\u201d. La base para el tratamiento de los datos es el cumplimiento de una obligaci\u00f3n legal y el consentimiento.<\/p><p>\u25cf Proporcionar estad\u00edsticas asociadas al uso de la P\u00e1gina y mostrarte publicidad personalizada en base a un perfil elaborado a partir de tus h\u00e1bitos de navegaci\u00f3n. La base para el tratamiento de los datos es el consentimiento al marcar la casilla de aceptaci\u00f3n en la configuraci\u00f3n de las cookies para aquellas no necesarias y el inter\u00e9s leg\u00edtimo del responsable.Consulte mi Pol\u00edtica de Cookies para obtener informaci\u00f3n sobre las cookies necesarias para el funcionamiento de la web.<\/p><p><span style=\"color: #2ea1b7;\">\u00bfCu\u00e1nto tiempo conservar\u00e9 sus datos personales?<\/span><\/p><p>Guardar\u00e9 tus datos personales s\u00f3lo durante el per\u00edodo de tiempo que sea razonablemente necesario, y en cualquier caso, durante el tiempo de cumplimiento de las obligaciones legales, teniendo en cuenta las necesidades de dar respuesta a cuestiones que se planteen o resolver problemas, realizar mejoras, activar servicios y cumplir los requisitos que exija la legislaci\u00f3n aplicable. Esto significa que puedo conservartus datos personales durante un per\u00edodo de tiempo razonable inclusodespu\u00e9s de que hayas dejado de usar mis servicios. Despu\u00e9s de este per\u00edodo, tus datos personales ser\u00e1n bloqueados de todos mis sistemas.<\/p><p><span style=\"color: #2ea1b7;\">\u00bfA qu\u00e9 destinatarios puedo comunicar sus datos personales?<\/span><\/p><p>\u25cf Administraciones y Organismos P\u00fablicos cuando as\u00ed lo exija la normativa fiscal, laboral, de Seguridad Social o cualquier otra que resulte aplicable.<\/p><p>\u25cfResponsables de servicios de anal\u00edtica web y marketing: LaP\u00e1gina tiene habilitados los servicios de Google Analytics yAdSense prestados por Google LLC. La interacci\u00f3n con los usuarios por el uso de dicha herramienta implica la transferencia internacional de datos, de tipo anal\u00edtico y t\u00e9cnico en relaci\u00f3n con la P\u00e1gina, siempre y cuando hayas aceptado la habilitaci\u00f3n de dichas cookies a trav\u00e9s del panel de configuraci\u00f3n.<\/p><p><span style=\"color: #2ea1b7;\">\u00bfC\u00f3mo puedes ejercitar tus derechos?<\/span><\/p><p>Puedes ejercitar tus derechos de acceso, rectificaci\u00f3n, supresi\u00f3n, portabilidad y la limitaci\u00f3n u oposici\u00f3n dirigi\u00e9ndote por escrito aolavarriamonicasana@gmail.com<\/p><p>Tambi\u00e9n podr\u00e9is retirar el consentimiento prestado para recibirinformaci\u00f3n y a reclamar ante la Autoridad de Control (AgenciaEspa\u00f1ola de Protecci\u00f3n de Datos: www.aepd.es).<\/p><p><span style=\"color: #2ea1b7;\">\u00bfQu\u00e9 medidas de seguridad aplico?<\/span><\/p><p>Aplico medidas de \u00edndole t\u00e9cnica y organizativa necesarias para garantizar la seguridad de los datos de car\u00e1cter personal y para evitar su alteraci\u00f3n, p\u00e9rdida, tratamiento o acceso no autorizado, habida cuenta del estado de la tecnolog\u00eda, la naturaleza de los datos y los riesgos a los que est\u00e1n expuestos.<\/p><p>Puedes verificar la presencia del certificado SSL comprobando las propiedades de la P\u00e1gina en tu navegador, para lo cu\u00e1l deber\u00e1s consultar las caracter\u00edsticas del mismo.Cualquier cambio realizado en la Pol\u00edtica de Privacidad se reflejar\u00e1 deforma oportuna, pudiendo agregar, modificar o eliminar dicha pol\u00edtica de privacidad cuando lo estime necesario.<\/p>\t\t\t\t\t\t<\/div>\n\t\t\t\t<\/div>\n\t\t\t\t\t<\/div>\n\t\t\t\t<\/div>\n\t\t\t\t<\/div>","protected":false},"excerpt":{"rendered":"<p>Pol\u00edtica de privacidad Albert Puigdell\u00edvol Clar\u00e0, en adelante, Albert Puigdell\u00edvol, te informo dec\u00f3mo voy a tratar los datos personales que facilites a trav\u00e9s de mip\u00e1gina web. Al proporcionar tus datos de car\u00e1cter personal a trav\u00e9s de mi p\u00e1gina web consientes expresamente que pueda tratar esos datos en los t\u00e9rminos de esta cl\u00e1usula de Pol\u00edtica de [&hellip;]<\/p>","protected":false},"author":1,"featured_media":0,"parent":0,"menu_order":0,"comment_status":"closed","ping_status":"closed","template":"","meta":{"footnotes":""},"yoast_head":"<!-- This site is optimized with the Yoast SEO plugin v22.9 - https:\/\/yoast.com\/wordpress\/plugins\/seo\/ -->\n<title>Pol\u00edtica de privacidad - econom\u00edafamliar.net<\/title>\n<meta name=\"robots\" content=\"index, follow, max-snippet:-1, max-image-preview:large, max-video-preview:-1\" \/>\n<link rel=\"canonical\" href=\"https:\/\/economiafamiliar.net\/ca\/politica-de-privacidad\/\" \/>\n<meta property=\"og:locale\" content=\"ca_ES\" \/>\n<meta property=\"og:type\" content=\"article\" \/>\n<meta property=\"og:title\" content=\"Pol\u00edtica de privacidad - econom\u00edafamliar.net\" \/>\n<meta property=\"og:description\" content=\"Pol\u00edtica de privacidad Albert Puigdell\u00edvol Clar\u00e0, en adelante, Albert Puigdell\u00edvol, te informo dec\u00f3mo voy a tratar los datos personales que facilites a trav\u00e9s de mip\u00e1gina web. Al proporcionar tus datos de car\u00e1cter personal a trav\u00e9s de mi p\u00e1gina web consientes expresamente que pueda tratar esos datos en los t\u00e9rminos de esta cl\u00e1usula de Pol\u00edtica de [&hellip;]\" \/>\n<meta property=\"og:url\" content=\"https:\/\/economiafamiliar.net\/ca\/politica-de-privacidad\/\" \/>\n<meta property=\"og:site_name\" content=\"econom\u00edafamliar.net\" \/>\n<meta property=\"article:modified_time\" content=\"2024-06-12T10:43:19+00:00\" \/>\n<meta name=\"twitter:card\" content=\"summary_large_image\" \/>\n<meta name=\"twitter:label1\" content=\"Temps estimat de lectura\" \/>\n\t<meta name=\"twitter:data1\" content=\"5 minuts\" \/>\n<script type=\"application\/ld+json\" class=\"yoast-schema-graph\">{\"@context\":\"https:\/\/schema.org\",\"@graph\":[{\"@type\":\"WebPage\",\"@id\":\"https:\/\/economiafamiliar.net\/politica-de-privacidad\/\",\"url\":\"https:\/\/economiafamiliar.net\/politica-de-privacidad\/\",\"name\":\"Pol\u00edtica de privacidad - econom\u00edafamliar.net\",\"isPartOf\":{\"@id\":\"https:\/\/economiafamiliar.net\/#website\"},\"datePublished\":\"2024-04-09T17:06:48+00:00\",\"dateModified\":\"2024-06-12T10:43:19+00:00\",\"breadcrumb\":{\"@id\":\"https:\/\/economiafamiliar.net\/politica-de-privacidad\/#breadcrumb\"},\"inLanguage\":\"ca\",\"potentialAction\":[{\"@type\":\"ReadAction\",\"target\":[\"https:\/\/economiafamiliar.net\/politica-de-privacidad\/\"]}]},{\"@type\":\"BreadcrumbList\",\"@id\":\"https:\/\/economiafamiliar.net\/politica-de-privacidad\/#breadcrumb\",\"itemListElement\":[{\"@type\":\"ListItem\",\"position\":1,\"name\":\"Portada\",\"item\":\"https:\/\/economiafamiliar.net\/\"},{\"@type\":\"ListItem\",\"position\":2,\"name\":\"Pol\u00edtica de privacidad\"}]},{\"@type\":\"WebSite\",\"@id\":\"https:\/\/economiafamiliar.net\/#website\",\"url\":\"https:\/\/economiafamiliar.net\/\",\"name\":\"econom\u00edafamliar.net\",\"description\":\"\",\"publisher\":{\"@id\":\"https:\/\/economiafamiliar.net\/#organization\"},\"potentialAction\":[{\"@type\":\"SearchAction\",\"target\":{\"@type\":\"EntryPoint\",\"urlTemplate\":\"https:\/\/economiafamiliar.net\/?s={search_term_string}\"},\"query-input\":\"required name=search_term_string\"}],\"inLanguage\":\"ca\"},{\"@type\":\"Organization\",\"@id\":\"https:\/\/economiafamiliar.net\/#organization\",\"name\":\"econom\u00edafamliar.net\",\"url\":\"https:\/\/economiafamiliar.net\/\",\"logo\":{\"@type\":\"ImageObject\",\"inLanguage\":\"ca\",\"@id\":\"https:\/\/economiafamiliar.net\/#\/schema\/logo\/image\/\",\"url\":\"https:\/\/economiafamiliar.net\/wp-content\/uploads\/cropped-Copia-de-Copia-de-Continuacio-de-2EF-1-removebg-preview.png\",\"contentUrl\":\"https:\/\/economiafamiliar.net\/wp-content\/uploads\/cropped-Copia-de-Copia-de-Continuacio-de-2EF-1-removebg-preview.png\",\"width\":500,\"height\":500,\"caption\":\"econom\u00edafamliar.net\"},\"image\":{\"@id\":\"https:\/\/economiafamiliar.net\/#\/schema\/logo\/image\/\"}}]}<\/script>\n<!-- \/ Yoast SEO plugin. -->","yoast_head_json":{"title":"Pol\u00edtica de privacidad - econom\u00edafamliar.net","robots":{"index":"index","follow":"follow","max-snippet":"max-snippet:-1","max-image-preview":"max-image-preview:large","max-video-preview":"max-video-preview:-1"},"canonical":"https:\/\/economiafamiliar.net\/ca\/politica-de-privacidad\/","og_locale":"ca_ES","og_type":"article","og_title":"Pol\u00edtica de privacidad - econom\u00edafamliar.net","og_description":"Pol\u00edtica de privacidad Albert Puigdell\u00edvol Clar\u00e0, en adelante, Albert Puigdell\u00edvol, te informo dec\u00f3mo voy a tratar los datos personales que facilites a trav\u00e9s de mip\u00e1gina web. Al proporcionar tus datos de car\u00e1cter personal a trav\u00e9s de mi p\u00e1gina web consientes expresamente que pueda tratar esos datos en los t\u00e9rminos de esta cl\u00e1usula de Pol\u00edtica de [&hellip;]","og_url":"https:\/\/economiafamiliar.net\/ca\/politica-de-privacidad\/","og_site_name":"econom\u00edafamliar.net","article_modified_time":"2024-06-12T10:43:19+00:00","twitter_card":"summary_large_image","twitter_misc":{"Temps estimat de lectura":"5 minuts"},"schema":{"@context":"https:\/\/schema.org","@graph":[{"@type":"WebPage","@id":"https:\/\/economiafamiliar.net\/politica-de-privacidad\/","url":"https:\/\/economiafamiliar.net\/politica-de-privacidad\/","name":"Pol\u00edtica de privacidad - econom\u00edafamliar.net","isPartOf":{"@id":"https:\/\/economiafamiliar.net\/#website"},"datePublished":"2024-04-09T17:06:48+00:00","dateModified":"2024-06-12T10:43:19+00:00","breadcrumb":{"@id":"https:\/\/economiafamiliar.net\/politica-de-privacidad\/#breadcrumb"},"inLanguage":"ca","potentialAction":[{"@type":"ReadAction","target":["https:\/\/economiafamiliar.net\/politica-de-privacidad\/"]}]},{"@type":"BreadcrumbList","@id":"https:\/\/economiafamiliar.net\/politica-de-privacidad\/#breadcrumb","itemListElement":[{"@type":"ListItem","position":1,"name":"Portada","item":"https:\/\/economiafamiliar.net\/"},{"@type":"ListItem","position":2,"name":"Pol\u00edtica de privacidad"}]},{"@type":"WebSite","@id":"https:\/\/economiafamiliar.net\/#website","url":"https:\/\/economiafamiliar.net\/","name":"econom\u00edafamliar.net","description":"","publisher":{"@id":"https:\/\/economiafamiliar.net\/#organization"},"potentialAction":[{"@type":"SearchAction","target":{"@type":"EntryPoint","urlTemplate":"https:\/\/economiafamiliar.net\/?s={search_term_string}"},"query-input":"required name=search_term_string"}],"inLanguage":"ca"},{"@type":"Organization","@id":"https:\/\/economiafamiliar.net\/#organization","name":"econom\u00edafamliar.net","url":"https:\/\/economiafamiliar.net\/","logo":{"@type":"ImageObject","inLanguage":"ca","@id":"https:\/\/economiafamiliar.net\/#\/schema\/logo\/image\/","url":"https:\/\/economiafamiliar.net\/wp-content\/uploads\/cropped-Copia-de-Copia-de-Continuacio-de-2EF-1-removebg-preview.png","contentUrl":"https:\/\/economiafamiliar.net\/wp-content\/uploads\/cropped-Copia-de-Copia-de-Continuacio-de-2EF-1-removebg-preview.png","width":500,"height":500,"caption":"econom\u00edafamliar.net"},"image":{"@id":"https:\/\/economiafamiliar.net\/#\/schema\/logo\/image\/"}}]}},"_links":{"self":[{"href":"https:\/\/economiafamiliar.net\/ca\/wp-json\/wp\/v2\/pages\/438"}],"collection":[{"href":"https:\/\/economiafamiliar.net\/ca\/wp-json\/wp\/v2\/pages"}],"about":[{"href":"https:\/\/economiafamiliar.net\/ca\/wp-json\/wp\/v2\/types\/page"}],"author":[{"embeddable":true,"href":"https:\/\/economiafamiliar.net\/ca\/wp-json\/wp\/v2\/users\/1"}],"replies":[{"embeddable":true,"href":"https:\/\/economiafamiliar.net\/ca\/wp-json\/wp\/v2\/comments?post=438"}],"version-history":[{"count":7,"href":"https:\/\/economiafamiliar.net\/ca\/wp-json\/wp\/v2\/pages\/438\/revisions"}],"predecessor-version":[{"id":631,"href":"https:\/\/economiafamiliar.net\/ca\/wp-json\/wp\/v2\/pages\/438\/revisions\/631"}],"wp:attachment":[{"href":"https:\/\/economiafamiliar.net\/ca\/wp-json\/wp\/v2\/media?parent=438"}],"curies":[{"name":"wp","href":"https:\/\/api.w.org\/{rel}","templated":true}]}}